{"id":5217,"date":"2020-11-16T12:13:15","date_gmt":"2020-11-16T10:13:15","guid":{"rendered":"https:\/\/www.alutec.es\/producto\/cerramiento-de-lona-modular\/"},"modified":"2023-02-13T13:13:13","modified_gmt":"2023-02-13T11:13:13","slug":"enceinte-modulaire-en-toile","status":"publish","type":"product","link":"https:\/\/www.alutec.es\/fr\/produit\/enceinte-modulaire-en-toile\/","title":{"rendered":"Paraviento T\u00e9xtil"},"content":{"rendered":"<p>Abri modulaire en toile pour les terrasses, les bars, les restaurants et les h\u00f4tels.<\/p>\n<p>Il s&rsquo;agit de modules individuels \u00ab\u00a0plug and play\u00a0\u00bb, la configuration requise d\u00e9pendant de la terrasse.<\/p>\n<p>En outre, si l&rsquo;espace le permet, ils peuvent \u00eatre plac\u00e9s dans de petites bo\u00eetes individuelles.<\/p>\n<p>Cr\u00e9\u00e9 par notre studio de design, il se compose d&rsquo;une structure en aluminium anodis\u00e9 mat et de bases en acier zingu\u00e9 et peint.<\/p>\n<p>Ecran opaque en textil\u00e8ne ou PVC, \u00e9cran transparent en PVC.<\/p>\n<p>Nous disposons de quelques sections modulaires de mesures standard 1,5m ou 2m de large par 1,7m de haut, mais ces mesures sont personnalisables, si vous avez besoin d&rsquo;une autre taille, veuillez nous contacter et nous la fabriquerons.<\/p>\n<p>Les modules sont reli\u00e9s entre eux au moyen de brides m\u00e9talliques filet\u00e9es, ce qui les rend faciles \u00e0 installer et \u00e0 collecter.<\/p>\n<p>La configuration est \u00e9galement personnalisable, nous recommandons une configuration en \u00ab\u00a0U\u00a0\u00bb pour la stabilit\u00e9.<\/p>\n<p>Il n&rsquo;est pas n\u00e9cessaire de l&rsquo;ancrer au sol, et il est possible d&rsquo;ajouter des roues.<\/p>\n<p>Pour pouvoir profiter de l&rsquo;h\u00f4tellerie et profiter \u00e9galement de l&rsquo;hiver, les terrasses sont indispensables pour garantir la rentabilit\u00e9 des entreprises du secteur Horeca, c&rsquo;est pourquoi nous recommandons la cl\u00f4ture des terrasses.<\/p>\n<p>Ils maintiennent une temp\u00e9rature ad\u00e9quate tout en permettant de ventiler la zone pour plus de s\u00e9curit\u00e9.<\/p>\n<p>En outre, le client b\u00e9n\u00e9ficie d&rsquo;un plus grand confort et d&rsquo;un sentiment d&rsquo;intimit\u00e9 par rapport \u00e0 l&rsquo;all\u00e9e publique.<\/p>\n<p>Plac\u00e9es en forme de \u00ab\u00a0U\u00a0\u00bb, elles sont suffisamment stables pour ne pas avoir besoin de jardini\u00e8res ou d&rsquo;autres \u00e9l\u00e9ments consommateurs d&rsquo;espace.<\/p>\n<p>Nous cr\u00e9ons des projets sur mesure pour nous adapter aux diff\u00e9rents besoins de nos clients.<\/p>\n<p>Avec nos abris modulaires en toile pour terrasses, nous souhaitons apporter une solution \u00e0 tous les \u00e9tablissements qui ont besoin d&rsquo;un espace ext\u00e9rieur pour poursuivre leur activit\u00e9 mais qui ne veulent ou ne peuvent pas investir dans un abri fixe.<\/p>\n<p>Combinez-la avec l&rsquo;une de nos <a href=\"https:\/\/www.alutec.es\/catalogo\/\">chaises<\/a> empilables et nos tables <a href=\"https:\/\/www.alutec.es\/?attachment_id=3006\">pliantes<\/a>.<\/p>\n<p>&nbsp;<\/p>\n<p>&nbsp;<\/p>\n<p>&nbsp;<\/p>\n","protected":false},"excerpt":{"rendered":"<p>Studio Alutec<\/p>\n","protected":false},"featured_media":4746,"template":"","meta":[],"product_cat":[79],"product_tag":[],"acf":[],"yoast_head":"<!-- This site is optimized with the Yoast SEO plugin v22.7 - https:\/\/yoast.com\/wordpress\/plugins\/seo\/ -->\n<title>Abri modulaire en toile pour les terrasses, les bars, les restaurants et les h\u00f4tels.<\/title>\n<meta name=\"description\" content=\"Abri modulaire en toile pour les terrasses, les bars, les restaurants et les h\u00f4tels. Configuration et mesures personnalisables. Avec ou sans roues.\" \/>\n<meta name=\"robots\" content=\"index, follow, max-snippet:-1, max-image-preview:large, max-video-preview:-1\" \/>\n<link rel=\"canonical\" href=\"https:\/\/www.alutec.es\/fr\/produit\/enceinte-modulaire-en-toile\/\" \/>\n<meta property=\"og:locale\" content=\"fr_FR\" \/>\n<meta property=\"og:type\" content=\"article\" \/>\n<meta property=\"og:title\" content=\"Abri modulaire en toile pour les terrasses, les bars, les restaurants et les h\u00f4tels.\" \/>\n<meta property=\"og:description\" content=\"Abri modulaire en toile pour les terrasses, les bars, les restaurants et les h\u00f4tels. Configuration et mesures personnalisables. Avec ou sans roues.\" \/>\n<meta property=\"og:url\" content=\"https:\/\/www.alutec.es\/fr\/produit\/enceinte-modulaire-en-toile\/\" \/>\n<meta property=\"og:site_name\" content=\"Alutec\" \/>\n<meta property=\"article:modified_time\" content=\"2023-02-13T11:13:13+00:00\" \/>\n<meta property=\"og:image\" content=\"https:\/\/www.alutec.es\/wp-content\/uploads\/2020\/11\/Alutec_474.jpg\" \/>\n\t<meta property=\"og:image:width\" content=\"601\" \/>\n\t<meta property=\"og:image:height\" content=\"902\" \/>\n\t<meta property=\"og:image:type\" content=\"image\/jpeg\" \/>\n<meta name=\"twitter:card\" content=\"summary_large_image\" \/>\n<meta name=\"twitter:label1\" content=\"Dur\u00e9e de lecture estim\u00e9e\" \/>\n\t<meta name=\"twitter:data1\" content=\"2 minutes\" \/>\n<script type=\"application\/ld+json\" class=\"yoast-schema-graph\">{\"@context\":\"https:\/\/schema.org\",\"@graph\":[{\"@type\":\"WebPage\",\"@id\":\"https:\/\/www.alutec.es\/fr\/produit\/enceinte-modulaire-en-toile\/\",\"url\":\"https:\/\/www.alutec.es\/fr\/produit\/enceinte-modulaire-en-toile\/\",\"name\":\"Abri modulaire en toile pour les terrasses, les bars, les restaurants et les h\u00f4tels.\",\"isPartOf\":{\"@id\":\"https:\/\/www.alutec.es\/fr\/#website\"},\"primaryImageOfPage\":{\"@id\":\"https:\/\/www.alutec.es\/fr\/produit\/enceinte-modulaire-en-toile\/#primaryimage\"},\"image\":{\"@id\":\"https:\/\/www.alutec.es\/fr\/produit\/enceinte-modulaire-en-toile\/#primaryimage\"},\"thumbnailUrl\":\"https:\/\/www.alutec.es\/wp-content\/uploads\/2020\/11\/Alutec_474.jpg\",\"datePublished\":\"2020-11-16T10:13:15+00:00\",\"dateModified\":\"2023-02-13T11:13:13+00:00\",\"description\":\"Abri modulaire en toile pour les terrasses, les bars, les restaurants et les h\u00f4tels. Configuration et mesures personnalisables. Avec ou sans roues.\",\"breadcrumb\":{\"@id\":\"https:\/\/www.alutec.es\/fr\/produit\/enceinte-modulaire-en-toile\/#breadcrumb\"},\"inLanguage\":\"fr-FR\",\"potentialAction\":[{\"@type\":\"ReadAction\",\"target\":[\"https:\/\/www.alutec.es\/fr\/produit\/enceinte-modulaire-en-toile\/\"]}]},{\"@type\":\"ImageObject\",\"inLanguage\":\"fr-FR\",\"@id\":\"https:\/\/www.alutec.es\/fr\/produit\/enceinte-modulaire-en-toile\/#primaryimage\",\"url\":\"https:\/\/www.alutec.es\/wp-content\/uploads\/2020\/11\/Alutec_474.jpg\",\"contentUrl\":\"https:\/\/www.alutec.es\/wp-content\/uploads\/2020\/11\/Alutec_474.jpg\",\"width\":601,\"height\":902},{\"@type\":\"BreadcrumbList\",\"@id\":\"https:\/\/www.alutec.es\/fr\/produit\/enceinte-modulaire-en-toile\/#breadcrumb\",\"itemListElement\":[{\"@type\":\"ListItem\",\"position\":1,\"name\":\"Page de garde\",\"item\":\"https:\/\/www.alutec.es\/fr\/home\/\"},{\"@type\":\"ListItem\",\"position\":2,\"name\":\"Produits\",\"item\":\"https:\/\/www.alutec.es\/fr\/catalogue\/\"},{\"@type\":\"ListItem\",\"position\":3,\"name\":\"Paraviento T\u00e9xtil\"}]},{\"@type\":\"WebSite\",\"@id\":\"https:\/\/www.alutec.es\/fr\/#website\",\"url\":\"https:\/\/www.alutec.es\/fr\/\",\"name\":\"Alutec\",\"description\":\"Conception et fabrication de chaises, tabourets et tables.\",\"potentialAction\":[{\"@type\":\"SearchAction\",\"target\":{\"@type\":\"EntryPoint\",\"urlTemplate\":\"https:\/\/www.alutec.es\/fr\/?s={search_term_string}\"},\"query-input\":\"required name=search_term_string\"}],\"inLanguage\":\"fr-FR\"}]}<\/script>\n<!-- \/ Yoast SEO plugin. -->","yoast_head_json":{"title":"Abri modulaire en toile pour les terrasses, les bars, les restaurants et les h\u00f4tels.","description":"Abri modulaire en toile pour les terrasses, les bars, les restaurants et les h\u00f4tels. Configuration et mesures personnalisables. Avec ou sans roues.","robots":{"index":"index","follow":"follow","max-snippet":"max-snippet:-1","max-image-preview":"max-image-preview:large","max-video-preview":"max-video-preview:-1"},"canonical":"https:\/\/www.alutec.es\/fr\/produit\/enceinte-modulaire-en-toile\/","og_locale":"fr_FR","og_type":"article","og_title":"Abri modulaire en toile pour les terrasses, les bars, les restaurants et les h\u00f4tels.","og_description":"Abri modulaire en toile pour les terrasses, les bars, les restaurants et les h\u00f4tels. Configuration et mesures personnalisables. Avec ou sans roues.","og_url":"https:\/\/www.alutec.es\/fr\/produit\/enceinte-modulaire-en-toile\/","og_site_name":"Alutec","article_modified_time":"2023-02-13T11:13:13+00:00","og_image":[{"width":601,"height":902,"url":"https:\/\/www.alutec.es\/wp-content\/uploads\/2020\/11\/Alutec_474.jpg","type":"image\/jpeg"}],"twitter_card":"summary_large_image","twitter_misc":{"Dur\u00e9e de lecture estim\u00e9e":"2 minutes"},"schema":{"@context":"https:\/\/schema.org","@graph":[{"@type":"WebPage","@id":"https:\/\/www.alutec.es\/fr\/produit\/enceinte-modulaire-en-toile\/","url":"https:\/\/www.alutec.es\/fr\/produit\/enceinte-modulaire-en-toile\/","name":"Abri modulaire en toile pour les terrasses, les bars, les restaurants et les h\u00f4tels.","isPartOf":{"@id":"https:\/\/www.alutec.es\/fr\/#website"},"primaryImageOfPage":{"@id":"https:\/\/www.alutec.es\/fr\/produit\/enceinte-modulaire-en-toile\/#primaryimage"},"image":{"@id":"https:\/\/www.alutec.es\/fr\/produit\/enceinte-modulaire-en-toile\/#primaryimage"},"thumbnailUrl":"https:\/\/www.alutec.es\/wp-content\/uploads\/2020\/11\/Alutec_474.jpg","datePublished":"2020-11-16T10:13:15+00:00","dateModified":"2023-02-13T11:13:13+00:00","description":"Abri modulaire en toile pour les terrasses, les bars, les restaurants et les h\u00f4tels. Configuration et mesures personnalisables. Avec ou sans roues.","breadcrumb":{"@id":"https:\/\/www.alutec.es\/fr\/produit\/enceinte-modulaire-en-toile\/#breadcrumb"},"inLanguage":"fr-FR","potentialAction":[{"@type":"ReadAction","target":["https:\/\/www.alutec.es\/fr\/produit\/enceinte-modulaire-en-toile\/"]}]},{"@type":"ImageObject","inLanguage":"fr-FR","@id":"https:\/\/www.alutec.es\/fr\/produit\/enceinte-modulaire-en-toile\/#primaryimage","url":"https:\/\/www.alutec.es\/wp-content\/uploads\/2020\/11\/Alutec_474.jpg","contentUrl":"https:\/\/www.alutec.es\/wp-content\/uploads\/2020\/11\/Alutec_474.jpg","width":601,"height":902},{"@type":"BreadcrumbList","@id":"https:\/\/www.alutec.es\/fr\/produit\/enceinte-modulaire-en-toile\/#breadcrumb","itemListElement":[{"@type":"ListItem","position":1,"name":"Page de garde","item":"https:\/\/www.alutec.es\/fr\/home\/"},{"@type":"ListItem","position":2,"name":"Produits","item":"https:\/\/www.alutec.es\/fr\/catalogue\/"},{"@type":"ListItem","position":3,"name":"Paraviento T\u00e9xtil"}]},{"@type":"WebSite","@id":"https:\/\/www.alutec.es\/fr\/#website","url":"https:\/\/www.alutec.es\/fr\/","name":"Alutec","description":"Conception et fabrication de chaises, tabourets et tables.","potentialAction":[{"@type":"SearchAction","target":{"@type":"EntryPoint","urlTemplate":"https:\/\/www.alutec.es\/fr\/?s={search_term_string}"},"query-input":"required name=search_term_string"}],"inLanguage":"fr-FR"}]}},"_links":{"self":[{"href":"https:\/\/www.alutec.es\/fr\/wp-json\/wp\/v2\/product\/5217"}],"collection":[{"href":"https:\/\/www.alutec.es\/fr\/wp-json\/wp\/v2\/product"}],"about":[{"href":"https:\/\/www.alutec.es\/fr\/wp-json\/wp\/v2\/types\/product"}],"wp:featuredmedia":[{"embeddable":true,"href":"https:\/\/www.alutec.es\/fr\/wp-json\/wp\/v2\/media\/4746"}],"wp:attachment":[{"href":"https:\/\/www.alutec.es\/fr\/wp-json\/wp\/v2\/media?parent=5217"}],"wp:term":[{"taxonomy":"product_cat","embeddable":true,"href":"https:\/\/www.alutec.es\/fr\/wp-json\/wp\/v2\/product_cat?post=5217"},{"taxonomy":"product_tag","embeddable":true,"href":"https:\/\/www.alutec.es\/fr\/wp-json\/wp\/v2\/product_tag?post=5217"}],"curies":[{"name":"wp","href":"https:\/\/api.w.org\/{rel}","templated":true}]}}