{"id":4649,"date":"2020-10-07T11:50:13","date_gmt":"2020-10-07T09:50:13","guid":{"rendered":"https:\/\/www.alutec.es\/?post_type=portfolio&#038;p=4649"},"modified":"2022-09-13T12:00:26","modified_gmt":"2022-09-13T10:00:26","slug":"las-sillas-son-uno-de-los-elementos-mas-destacados-en-la-decoracion","status":"publish","type":"portfolio","link":"https:\/\/www.alutec.es\/fr\/projets\/las-sillas-son-uno-de-los-elementos-mas-destacados-en-la-decoracion\/","title":{"rendered":"Parc de vacances Tencreek"},"content":{"rendered":"<p>[vc_row][vc_column][vc_column_text]<\/p>\n<p style=\"text-align: center;\"><strong>Les chaises sont l&rsquo;un des \u00e9l\u00e9ments les plus importants de la d\u00e9coration.<\/strong><\/p>\n<p>[\/vc_column_text][\/vc_column][\/vc_row][vc_row css=\u00a0\u00bb.vc_custom_1581524797404{margin-bottom: 60px !important;}\u00a0\u00bb][vc_column][vc_column_text]<\/p>\n<p style=\"text-align: center;\">Design : <a href=\"https:\/\/www.3idog.com\/\">3IDOG<\/a><\/p>\n<p style=\"text-align: center;\">Lieu : Tencreek Holiday Park<br \/>\nEmplacement : Looe, Cornouailles<\/p>\n<p style=\"text-align: center;\">Collection : <a href=\"https:\/\/www.alutec.es\/fr\/home\/sparta-2\/\">Sparta<\/a><\/p>\n<p>[\/vc_column_text][vc_row_inner][vc_column_inner][vc_single_image image=\u00a0\u00bb4657&Prime; img_size=\u00a0\u00bbfull\u00a0\u00bb alignment=\u00a0\u00bbcenter\u00a0\u00bb][\/vc_column_inner][\/vc_row_inner][vc_row_inner container_type=\u00a0\u00bbfluid\u00a0\u00bb gap=\u00a0\u00bb35&Prime; css=\u00a0\u00bb.vc_custom_1581584836541{margin-right: 0px !important;margin-left: 0px !important;}\u00a0\u00bb][vc_column_inner width=\u00a0\u00bb1\/2&Prime;][vc_single_image image=\u00a0\u00bb4663&Prime; img_size=\u00a0\u00bbfull\u00a0\u00bb alignment=\u00a0\u00bbcenter\u00a0\u00bb][\/vc_column_inner][vc_column_inner width=\u00a0\u00bb1\/2&Prime;][vc_single_image image=\u00a0\u00bb4660&Prime; img_size=\u00a0\u00bbfull\u00a0\u00bb alignment=\u00a0\u00bbcenter\u00a0\u00bb][\/vc_column_inner][\/vc_row_inner][vc_column_text css_animation=\u00a0\u00bbnone\u00a0\u00bb]De la m\u00eame mani\u00e8re que chaque d\u00e9tail de la d\u00e9coration d&rsquo;un \u00e9tablissement est valoris\u00e9, le fait d&rsquo;avoir  <strong>Le design des chaises refl\u00e8te dans une large mesure la personnalit\u00e9 de la pi\u00e8ce,  <\/strong>Les clients seront s\u00e9duits non seulement par la cuisine mais aussi par l&rsquo;environnement agr\u00e9able et r\u00e9confortant obtenu gr\u00e2ce \u00e0 une d\u00e9coration int\u00e9rieure soign\u00e9e et travaill\u00e9e.<\/p>\n<p>C&rsquo;est pourquoi, parce que nous le savons et parce que nous sommes \u00e0 la pointe des styles, des mat\u00e9riaux et de la qualit\u00e9, Alutec est pr\u00e9sent dans des millions de foyers et d&rsquo;entreprises h\u00f4teli\u00e8res du monde entier depuis plus de 35 ans.<\/p>\n<p>Nos <a href=\"https:\/\/www.alutec.es\/fr\/catalogo-2\/\">chaises<\/a> s&rsquo;adaptent \u00e0 tous les d\u00e9cors. Chez Alutec, vous trouverez des <strong>chaises de qualit\u00e9 et de design<\/strong> qui apporteront un plus \u00e0 votre projet.<\/p>\n<h5>Sur la photo, un projet de d\u00e9coration d&rsquo;int\u00e9rieur d&rsquo;un \u00e9tablissement h\u00f4telier r\u00e9alis\u00e9 par <a href=\"https:\/\/www.3idog.com\/\"><br \/>\n  <strong>3IDOG<\/strong><br \/>\n<\/a> pour <a href=\"https:\/\/www.3idog.com\/portfolio\/tencreek-holiday-park\">Tencreek Holiday Park<\/a><strong>,<\/strong> situ\u00e9 \u00e0 <b>Looe, en Cornouailles<\/b>.<\/h5>\n<p>Il s&rsquo;agit d&rsquo;un lieu de divertissement dont l&rsquo;objectif est de cr\u00e9er un design pour tous les groupes d&rsquo;\u00e2ge.<\/p>\n<p>Ils recherchaient un lieu qui soit flexible et permette de multiples utilisations de l&rsquo;espace tout au long de la journ\u00e9e.<\/p>\n<p id=\"tw-target-text\" class=\"tw-data-text tw-text-large XcVN5d tw-ta\" dir=\"ltr\" data-placeholder=\"Traducci\u00f3n\"><span lang=\"es\">La relocalisation du bar et de l&rsquo;aire de divertissement pour enfants \u00e9tait essentielle pour permettre l&rsquo;acc\u00e8s aux si\u00e8ges.<\/span><\/p>\n<p>Ils ont cr\u00e9\u00e9 diff\u00e9rents niveaux et zones d&rsquo;assise gr\u00e2ce \u00e0 une vari\u00e9t\u00e9 de meubles. Cela a donn\u00e9 au b\u00e2timent une atmosph\u00e8re chaleureuse, m\u00eame lorsqu&rsquo;il n&rsquo;\u00e9tait pas enti\u00e8rement occup\u00e9.<\/p>\n<p>L&rsquo;\u00e9quipe de 3IDOG a opt\u00e9 pour notre mod\u00e8le de chaise <a href=\"https:\/\/www.alutec.es\/fr\/home\/sparta-2\/\">Sparta<\/a>, combinant les mat\u00e9riaux. Dans ce mod\u00e8le et dans de nombreux autres, nous offrons la possibilit\u00e9 d&rsquo;utiliser la m\u00eame structure mais de choisir le bois ou le rembourrage pour l&rsquo;assise et le dossier.<\/p>\n<p>Dans les deux cas, il a \u00e9t\u00e9 d\u00e9cid\u00e9 d&rsquo;opter pour une finition de type vernis industriel pour la structure.<\/p>\n<p>Il s&rsquo;agit uniquement d&rsquo;une finition protectrice pour l&rsquo;acier, qui permet aux d\u00e9tails de l&rsquo;acier de transpara\u00eetre naturellement.<\/p>\n<p>Pour l&rsquo;option tapisserie, la couleur moutarde vacarello a \u00e9t\u00e9 choisie, et pour le bois, un noyer avec un effet vieilli fait \u00e0 la main, ce qui permet d&rsquo;obtenir des pi\u00e8ces uniques.<\/p>\n<p>Les chaises sont l&rsquo;un des \u00e9l\u00e9ments les plus importants de la d\u00e9coration.<\/p>\n<p>Notre gamme de couleurs standard est large, ce qui vous permet de lui donner de la personnalit\u00e9 et de l&rsquo;adapter \u00e0 tous les styles.<\/p>\n<p>Nous concevons et fabriquons tous nos produits au niveau national, avec des mat\u00e9riaux de qualit\u00e9 fournis par des fournisseurs nationaux.<\/p>\n<p>Nous vous accompagnons dans tout projet d&rsquo;am\u00e9nagement int\u00e9rieur pour l&rsquo;h\u00f4tellerie et la restauration.[\/vc_column_text][\/vc_column][\/vc_row]<\/p>\n","protected":false},"excerpt":{"rendered":"<p>[vc_row][vc_column][vc_column_text] Les chaises sont l&rsquo;un des \u00e9l\u00e9ments les plus importants de la d\u00e9coration. [\/vc_column_text][\/vc_column][\/vc_row][vc_row css=\u00a0\u00bb.vc_custom_1581524797404{margin-bottom: 60px !important;}\u00a0\u00bb][vc_column][vc_column_text] Design : 3IDOG Lieu : Tencreek Holiday Park Emplacement : Looe, Cornouailles Collection : Sparta [\/vc_column_text][vc_row_inner][vc_column_inner][vc_single_image image=\u00a0\u00bb4657&Prime; img_size=\u00a0\u00bbfull\u00a0\u00bb alignment=\u00a0\u00bbcenter\u00a0\u00bb][\/vc_column_inner][\/vc_row_inner][vc_row_inner container_type=\u00a0\u00bbfluid\u00a0\u00bb gap=\u00a0\u00bb35&Prime; css=\u00a0\u00bb.vc_custom_1581584836541{margin-right: 0px !important;margin-left: 0px !important;}\u00a0\u00bb][vc_column_inner width=\u00a0\u00bb1\/2&Prime;][vc_single_image image=\u00a0\u00bb4663&Prime; img_size=\u00a0\u00bbfull\u00a0\u00bb alignment=\u00a0\u00bbcenter\u00a0\u00bb][\/vc_column_inner][vc_column_inner width=\u00a0\u00bb1\/2&Prime;][vc_single_image image=\u00a0\u00bb4660&Prime; img_size=\u00a0\u00bbfull\u00a0\u00bb alignment=\u00a0\u00bbcenter\u00a0\u00bb][\/vc_column_inner][\/vc_row_inner][vc_column_text css_animation=\u00a0\u00bbnone\u00a0\u00bb]De la m\u00eame mani\u00e8re&hellip;<\/p>\n","protected":false},"author":2,"featured_media":4654,"comment_status":"open","ping_status":"closed","template":"","meta":{"footnotes":""},"portfolio_category":[],"portfolio_tag":[],"acf":[],"yoast_head":"<!-- This site is optimized with the Yoast SEO plugin v22.7 - https:\/\/yoast.com\/wordpress\/plugins\/seo\/ -->\n<title>Les chaises sont l&#039;un des \u00e9l\u00e9ments les plus importants de la d\u00e9coration.<\/title>\n<meta name=\"description\" content=\"Les chaises sont l&#039;un des \u00e9l\u00e9ments les plus importants de la d\u00e9coration. Parce que nous le savons, nous les concevons et les fabriquons depuis plus de 35 ans.\" \/>\n<meta name=\"robots\" content=\"index, follow, max-snippet:-1, max-image-preview:large, max-video-preview:-1\" \/>\n<link rel=\"canonical\" href=\"https:\/\/www.alutec.es\/fr\/projets\/las-sillas-son-uno-de-los-elementos-mas-destacados-en-la-decoracion\/\" \/>\n<meta property=\"og:locale\" content=\"fr_FR\" \/>\n<meta property=\"og:type\" content=\"article\" \/>\n<meta property=\"og:title\" content=\"Les chaises sont l&#039;un des \u00e9l\u00e9ments les plus importants de la d\u00e9coration.\" \/>\n<meta property=\"og:description\" content=\"Les chaises sont l&#039;un des \u00e9l\u00e9ments les plus importants de la d\u00e9coration. Parce que nous le savons, nous les concevons et les fabriquons depuis plus de 35 ans.\" \/>\n<meta property=\"og:url\" content=\"https:\/\/www.alutec.es\/fr\/projets\/las-sillas-son-uno-de-los-elementos-mas-destacados-en-la-decoracion\/\" \/>\n<meta property=\"og:site_name\" content=\"Alutec\" \/>\n<meta property=\"article:modified_time\" content=\"2022-09-13T10:00:26+00:00\" \/>\n<meta property=\"og:image\" content=\"https:\/\/www.alutec.es\/wp-content\/uploads\/2020\/10\/Image-01.jpg\" \/>\n\t<meta property=\"og:image:width\" content=\"1000\" \/>\n\t<meta property=\"og:image:height\" content=\"600\" \/>\n\t<meta property=\"og:image:type\" content=\"image\/jpeg\" \/>\n<meta name=\"twitter:card\" content=\"summary_large_image\" \/>\n<meta name=\"twitter:label1\" content=\"Dur\u00e9e de lecture estim\u00e9e\" \/>\n\t<meta name=\"twitter:data1\" content=\"3 minutes\" \/>\n<script type=\"application\/ld+json\" class=\"yoast-schema-graph\">{\"@context\":\"https:\/\/schema.org\",\"@graph\":[{\"@type\":\"WebPage\",\"@id\":\"https:\/\/www.alutec.es\/fr\/projets\/las-sillas-son-uno-de-los-elementos-mas-destacados-en-la-decoracion\/\",\"url\":\"https:\/\/www.alutec.es\/fr\/projets\/las-sillas-son-uno-de-los-elementos-mas-destacados-en-la-decoracion\/\",\"name\":\"Les chaises sont l'un des \u00e9l\u00e9ments les plus importants de la d\u00e9coration.\",\"isPartOf\":{\"@id\":\"https:\/\/www.alutec.es\/fr\/#website\"},\"primaryImageOfPage\":{\"@id\":\"https:\/\/www.alutec.es\/fr\/projets\/las-sillas-son-uno-de-los-elementos-mas-destacados-en-la-decoracion\/#primaryimage\"},\"image\":{\"@id\":\"https:\/\/www.alutec.es\/fr\/projets\/las-sillas-son-uno-de-los-elementos-mas-destacados-en-la-decoracion\/#primaryimage\"},\"thumbnailUrl\":\"https:\/\/www.alutec.es\/wp-content\/uploads\/2020\/10\/Image-01.jpg\",\"datePublished\":\"2020-10-07T09:50:13+00:00\",\"dateModified\":\"2022-09-13T10:00:26+00:00\",\"description\":\"Les chaises sont l'un des \u00e9l\u00e9ments les plus importants de la d\u00e9coration. Parce que nous le savons, nous les concevons et les fabriquons depuis plus de 35 ans.\",\"breadcrumb\":{\"@id\":\"https:\/\/www.alutec.es\/fr\/projets\/las-sillas-son-uno-de-los-elementos-mas-destacados-en-la-decoracion\/#breadcrumb\"},\"inLanguage\":\"fr-FR\",\"potentialAction\":[{\"@type\":\"ReadAction\",\"target\":[\"https:\/\/www.alutec.es\/fr\/projets\/las-sillas-son-uno-de-los-elementos-mas-destacados-en-la-decoracion\/\"]}]},{\"@type\":\"ImageObject\",\"inLanguage\":\"fr-FR\",\"@id\":\"https:\/\/www.alutec.es\/fr\/projets\/las-sillas-son-uno-de-los-elementos-mas-destacados-en-la-decoracion\/#primaryimage\",\"url\":\"https:\/\/www.alutec.es\/wp-content\/uploads\/2020\/10\/Image-01.jpg\",\"contentUrl\":\"https:\/\/www.alutec.es\/wp-content\/uploads\/2020\/10\/Image-01.jpg\",\"width\":1000,\"height\":600},{\"@type\":\"BreadcrumbList\",\"@id\":\"https:\/\/www.alutec.es\/fr\/projets\/las-sillas-son-uno-de-los-elementos-mas-destacados-en-la-decoracion\/#breadcrumb\",\"itemListElement\":[{\"@type\":\"ListItem\",\"position\":1,\"name\":\"Page de garde\",\"item\":\"https:\/\/www.alutec.es\/fr\/home\/\"},{\"@type\":\"ListItem\",\"position\":2,\"name\":\"Projets\",\"item\":\"https:\/\/www.alutec.es\/fr\/projets\/\"},{\"@type\":\"ListItem\",\"position\":3,\"name\":\"Parc de vacances Tencreek\"}]},{\"@type\":\"WebSite\",\"@id\":\"https:\/\/www.alutec.es\/fr\/#website\",\"url\":\"https:\/\/www.alutec.es\/fr\/\",\"name\":\"Alutec\",\"description\":\"Conception et fabrication de chaises, tabourets et tables.\",\"potentialAction\":[{\"@type\":\"SearchAction\",\"target\":{\"@type\":\"EntryPoint\",\"urlTemplate\":\"https:\/\/www.alutec.es\/fr\/?s={search_term_string}\"},\"query-input\":\"required name=search_term_string\"}],\"inLanguage\":\"fr-FR\"}]}<\/script>\n<!-- \/ Yoast SEO plugin. -->","yoast_head_json":{"title":"Les chaises sont l'un des \u00e9l\u00e9ments les plus importants de la d\u00e9coration.","description":"Les chaises sont l'un des \u00e9l\u00e9ments les plus importants de la d\u00e9coration. Parce que nous le savons, nous les concevons et les fabriquons depuis plus de 35 ans.","robots":{"index":"index","follow":"follow","max-snippet":"max-snippet:-1","max-image-preview":"max-image-preview:large","max-video-preview":"max-video-preview:-1"},"canonical":"https:\/\/www.alutec.es\/fr\/projets\/las-sillas-son-uno-de-los-elementos-mas-destacados-en-la-decoracion\/","og_locale":"fr_FR","og_type":"article","og_title":"Les chaises sont l'un des \u00e9l\u00e9ments les plus importants de la d\u00e9coration.","og_description":"Les chaises sont l'un des \u00e9l\u00e9ments les plus importants de la d\u00e9coration. Parce que nous le savons, nous les concevons et les fabriquons depuis plus de 35 ans.","og_url":"https:\/\/www.alutec.es\/fr\/projets\/las-sillas-son-uno-de-los-elementos-mas-destacados-en-la-decoracion\/","og_site_name":"Alutec","article_modified_time":"2022-09-13T10:00:26+00:00","og_image":[{"width":1000,"height":600,"url":"https:\/\/www.alutec.es\/wp-content\/uploads\/2020\/10\/Image-01.jpg","type":"image\/jpeg"}],"twitter_card":"summary_large_image","twitter_misc":{"Dur\u00e9e de lecture estim\u00e9e":"3 minutes"},"schema":{"@context":"https:\/\/schema.org","@graph":[{"@type":"WebPage","@id":"https:\/\/www.alutec.es\/fr\/projets\/las-sillas-son-uno-de-los-elementos-mas-destacados-en-la-decoracion\/","url":"https:\/\/www.alutec.es\/fr\/projets\/las-sillas-son-uno-de-los-elementos-mas-destacados-en-la-decoracion\/","name":"Les chaises sont l'un des \u00e9l\u00e9ments les plus importants de la d\u00e9coration.","isPartOf":{"@id":"https:\/\/www.alutec.es\/fr\/#website"},"primaryImageOfPage":{"@id":"https:\/\/www.alutec.es\/fr\/projets\/las-sillas-son-uno-de-los-elementos-mas-destacados-en-la-decoracion\/#primaryimage"},"image":{"@id":"https:\/\/www.alutec.es\/fr\/projets\/las-sillas-son-uno-de-los-elementos-mas-destacados-en-la-decoracion\/#primaryimage"},"thumbnailUrl":"https:\/\/www.alutec.es\/wp-content\/uploads\/2020\/10\/Image-01.jpg","datePublished":"2020-10-07T09:50:13+00:00","dateModified":"2022-09-13T10:00:26+00:00","description":"Les chaises sont l'un des \u00e9l\u00e9ments les plus importants de la d\u00e9coration. Parce que nous le savons, nous les concevons et les fabriquons depuis plus de 35 ans.","breadcrumb":{"@id":"https:\/\/www.alutec.es\/fr\/projets\/las-sillas-son-uno-de-los-elementos-mas-destacados-en-la-decoracion\/#breadcrumb"},"inLanguage":"fr-FR","potentialAction":[{"@type":"ReadAction","target":["https:\/\/www.alutec.es\/fr\/projets\/las-sillas-son-uno-de-los-elementos-mas-destacados-en-la-decoracion\/"]}]},{"@type":"ImageObject","inLanguage":"fr-FR","@id":"https:\/\/www.alutec.es\/fr\/projets\/las-sillas-son-uno-de-los-elementos-mas-destacados-en-la-decoracion\/#primaryimage","url":"https:\/\/www.alutec.es\/wp-content\/uploads\/2020\/10\/Image-01.jpg","contentUrl":"https:\/\/www.alutec.es\/wp-content\/uploads\/2020\/10\/Image-01.jpg","width":1000,"height":600},{"@type":"BreadcrumbList","@id":"https:\/\/www.alutec.es\/fr\/projets\/las-sillas-son-uno-de-los-elementos-mas-destacados-en-la-decoracion\/#breadcrumb","itemListElement":[{"@type":"ListItem","position":1,"name":"Page de garde","item":"https:\/\/www.alutec.es\/fr\/home\/"},{"@type":"ListItem","position":2,"name":"Projets","item":"https:\/\/www.alutec.es\/fr\/projets\/"},{"@type":"ListItem","position":3,"name":"Parc de vacances Tencreek"}]},{"@type":"WebSite","@id":"https:\/\/www.alutec.es\/fr\/#website","url":"https:\/\/www.alutec.es\/fr\/","name":"Alutec","description":"Conception et fabrication de chaises, tabourets et tables.","potentialAction":[{"@type":"SearchAction","target":{"@type":"EntryPoint","urlTemplate":"https:\/\/www.alutec.es\/fr\/?s={search_term_string}"},"query-input":"required name=search_term_string"}],"inLanguage":"fr-FR"}]}},"_links":{"self":[{"href":"https:\/\/www.alutec.es\/fr\/wp-json\/wp\/v2\/portfolio\/4649"}],"collection":[{"href":"https:\/\/www.alutec.es\/fr\/wp-json\/wp\/v2\/portfolio"}],"about":[{"href":"https:\/\/www.alutec.es\/fr\/wp-json\/wp\/v2\/types\/portfolio"}],"author":[{"embeddable":true,"href":"https:\/\/www.alutec.es\/fr\/wp-json\/wp\/v2\/users\/2"}],"replies":[{"embeddable":true,"href":"https:\/\/www.alutec.es\/fr\/wp-json\/wp\/v2\/comments?post=4649"}],"version-history":[{"count":28,"href":"https:\/\/www.alutec.es\/fr\/wp-json\/wp\/v2\/portfolio\/4649\/revisions"}],"predecessor-version":[{"id":6569,"href":"https:\/\/www.alutec.es\/fr\/wp-json\/wp\/v2\/portfolio\/4649\/revisions\/6569"}],"wp:featuredmedia":[{"embeddable":true,"href":"https:\/\/www.alutec.es\/fr\/wp-json\/wp\/v2\/media\/4654"}],"wp:attachment":[{"href":"https:\/\/www.alutec.es\/fr\/wp-json\/wp\/v2\/media?parent=4649"}],"wp:term":[{"taxonomy":"portfolio_category","embeddable":true,"href":"https:\/\/www.alutec.es\/fr\/wp-json\/wp\/v2\/portfolio_category?post=4649"},{"taxonomy":"portfolio_tag","embeddable":true,"href":"https:\/\/www.alutec.es\/fr\/wp-json\/wp\/v2\/portfolio_tag?post=4649"}],"curies":[{"name":"wp","href":"https:\/\/api.w.org\/{rel}","templated":true}]}}