{"id":4522,"date":"2019-12-16T12:47:17","date_gmt":"2019-12-16T11:47:17","guid":{"rendered":"https:\/\/www.alutec.es\/proyectos\/proyecto-ejemplo-3\/"},"modified":"2022-09-13T11:39:48","modified_gmt":"2022-09-13T09:39:48","slug":"si-esta-en-nuestras-manos-haremos-de-tu-proyecto-una-realidad","status":"publish","type":"portfolio","link":"https:\/\/www.alutec.es\/fr\/projets\/si-esta-en-nuestras-manos-haremos-de-tu-proyecto-una-realidad\/","title":{"rendered":"AXA Assistance"},"content":{"rendered":"<p>[vc_row][vc_column][vc_column_text]<\/p>\n<p>S&rsquo;il est entre nos mains, nous ferons de votre projet une r\u00e9alit\u00e9. Nous pouvons fabriquer toutes sortes de pi\u00e8ces sp\u00e9ciales.<\/p>\n<p>Dans notre propre studio de conception, nous recueillons tout type de besoin et l&rsquo;\u00e9tudions pour aboutir au meilleur projet possible.<\/p>\n<p>Alors si vous \u00eates architecte d&rsquo;int\u00e9rieur, d\u00e9corateur et\/ou architecte et que vous avez pens\u00e9 ou con\u00e7u certaines solutions, consultez-nous.<\/p>\n<p>Qu&rsquo;il s&rsquo;agisse de meubles, de si\u00e8ges et\/ou d&rsquo;autres \u00e9l\u00e9ments de l&rsquo;installation, appelez-nous et demandez-nous s&rsquo;il est possible de les faire fabriquer sur mesure.<\/p>\n<p><!-- \/wp:paragraph -->Sur la photo, le studio de d\u00e9coration int\u00e9rieure de Barcelone <a href=\"https:\/\/denysvonarend.com\/\">Denys&amp;Von Arend <\/a>utilise nos tabourets <a href=\"https:\/\/www.alutec.es\/producto\/apolo\/\">Apolo<\/a> et nos tables avec des plateaux en <a href=\"https:\/\/www.alutec.es\/producto\/cp-marino-inox\/\">acier inoxydable et des rebords anodis\u00e9s<\/a>.<\/p>\n<p>Il s&rsquo;agit des bureaux d&rsquo;AXA Assistance.<\/p>\n<p>Design int\u00e9rieur et image appliqu\u00e9e pour les bureaux de la premi\u00e8re compagnie d&rsquo;assurance mondiale \u00e0 Barcelone.<\/p>\n<p>Chez Denys&amp;Von Arend, ils ont con\u00e7u un projet d&rsquo;am\u00e9nagement int\u00e9rieur pour mettre en \u0153uvre l&rsquo;image de marque dans le bureau.<\/p>\n<p>Ils ont utilis\u00e9 les couleurs et la signalisation de l&rsquo;entreprise en accord avec ses valeurs.<\/p>\n<p>Dans le c\u00e9l\u00e8bre studio de design d&rsquo;int\u00e9rieur de Barcelone, ils ont bas\u00e9 leur travail sur la perception de l&rsquo;environnement par l&rsquo;utilisateur afin de cr\u00e9er des espaces de sant\u00e9 et de bien-\u00eatre.<\/p>\n<p>Dans le hall central, en agissant sur l&rsquo;acoustique et le sol, et dans le bistrot, sur les mat\u00e9riaux et les tonalit\u00e9s.<\/p>\n<p>Chacun de nos produits peut \u00eatre adapt\u00e9 aux besoins d&rsquo;un espace sp\u00e9cifique, nous disposons d&rsquo;une large gamme de finitions en peinture, vernissage et tapisserie.<\/p>\n<p>De plus, si aucune de nos finitions ne correspond \u00e0 vos besoins, nous nous adaptons \u00e0 vous et appliquons le RAL dont vous avez besoin.<\/p>\n<p>S&rsquo;il est entre nos mains, nous ferons de votre projet une r\u00e9alit\u00e9.<\/p>\n<p>[\/vc_column_text][\/vc_column][\/vc_row][vc_row][vc_column][vc_column_text]<\/p>\n<p style=\"text-align: center;\">Conception : <a href=\"https:\/\/denysvonarend.com\/\">Denys&amp;Von Arend<\/a><br \/>\nLieu : Barcelone, Espagne<\/p>\n<p style=\"text-align: center;\">Collection : <a href=\"https:\/\/www.alutec.es\/producto\/apolo\/\">Apollo<\/a>, <a href=\"https:\/\/www.alutec.es\/producto\/cp-marino-inox\/\">tableau CP Marino inox<\/a><\/p>\n<p>[\/vc_column_text][\/vc_column][\/vc_row]<\/p>\n","protected":false},"excerpt":{"rendered":"<p>[vc_row][vc_column][vc_column_text] S&rsquo;il est entre nos mains, nous ferons de votre projet une r\u00e9alit\u00e9. Nous pouvons fabriquer toutes sortes de pi\u00e8ces sp\u00e9ciales. Dans notre propre studio de conception, nous recueillons tout type de besoin et l&rsquo;\u00e9tudions pour aboutir au meilleur projet possible. Alors si vous \u00eates architecte d&rsquo;int\u00e9rieur, d\u00e9corateur et\/ou architecte et que vous avez pens\u00e9&hellip;<\/p>\n","protected":false},"author":1,"featured_media":4519,"comment_status":"open","ping_status":"closed","template":"","meta":{"footnotes":""},"portfolio_category":[],"portfolio_tag":[],"acf":[],"yoast_head":"<!-- This site is optimized with the Yoast SEO plugin v22.7 - https:\/\/yoast.com\/wordpress\/plugins\/seo\/ -->\n<title>S&#039;il est entre nos mains, nous ferons de votre projet une r\u00e9alit\u00e9.<\/title>\n<meta name=\"description\" content=\"S&#039;il est entre nos mains, nous ferons de votre projet une r\u00e9alit\u00e9. Si vous \u00eates architecte d&#039;int\u00e9rieur, d\u00e9corateur et\/ou architecte, nous pouvons r\u00e9aliser vos cr\u00e9ations sur mesure.\" \/>\n<meta name=\"robots\" content=\"index, follow, max-snippet:-1, max-image-preview:large, max-video-preview:-1\" \/>\n<link rel=\"canonical\" href=\"https:\/\/www.alutec.es\/fr\/projets\/si-esta-en-nuestras-manos-haremos-de-tu-proyecto-una-realidad\/\" \/>\n<meta property=\"og:locale\" content=\"fr_FR\" \/>\n<meta property=\"og:type\" content=\"article\" \/>\n<meta property=\"og:title\" content=\"S&#039;il est entre nos mains, nous ferons de votre projet une r\u00e9alit\u00e9.\" \/>\n<meta property=\"og:description\" content=\"S&#039;il est entre nos mains, nous ferons de votre projet une r\u00e9alit\u00e9. Si vous \u00eates architecte d&#039;int\u00e9rieur, d\u00e9corateur et\/ou architecte, nous pouvons r\u00e9aliser vos cr\u00e9ations sur mesure.\" \/>\n<meta property=\"og:url\" content=\"https:\/\/www.alutec.es\/fr\/projets\/si-esta-en-nuestras-manos-haremos-de-tu-proyecto-una-realidad\/\" \/>\n<meta property=\"og:site_name\" content=\"Alutec\" \/>\n<meta property=\"article:modified_time\" content=\"2022-09-13T09:39:48+00:00\" \/>\n<meta property=\"og:image\" content=\"https:\/\/www.alutec.es\/wp-content\/uploads\/2019\/12\/Denys-von-arend-oficinas-axa-assistance-15.jpg\" \/>\n\t<meta property=\"og:image:width\" content=\"2000\" \/>\n\t<meta property=\"og:image:height\" content=\"1331\" \/>\n\t<meta property=\"og:image:type\" content=\"image\/jpeg\" \/>\n<meta name=\"twitter:card\" content=\"summary_large_image\" \/>\n<meta name=\"twitter:label1\" content=\"Dur\u00e9e de lecture estim\u00e9e\" \/>\n\t<meta name=\"twitter:data1\" content=\"2 minutes\" \/>\n<script type=\"application\/ld+json\" class=\"yoast-schema-graph\">{\"@context\":\"https:\/\/schema.org\",\"@graph\":[{\"@type\":\"WebPage\",\"@id\":\"https:\/\/www.alutec.es\/fr\/projets\/si-esta-en-nuestras-manos-haremos-de-tu-proyecto-una-realidad\/\",\"url\":\"https:\/\/www.alutec.es\/fr\/projets\/si-esta-en-nuestras-manos-haremos-de-tu-proyecto-una-realidad\/\",\"name\":\"S'il est entre nos mains, nous ferons de votre projet une r\u00e9alit\u00e9.\",\"isPartOf\":{\"@id\":\"https:\/\/www.alutec.es\/fr\/#website\"},\"primaryImageOfPage\":{\"@id\":\"https:\/\/www.alutec.es\/fr\/projets\/si-esta-en-nuestras-manos-haremos-de-tu-proyecto-una-realidad\/#primaryimage\"},\"image\":{\"@id\":\"https:\/\/www.alutec.es\/fr\/projets\/si-esta-en-nuestras-manos-haremos-de-tu-proyecto-una-realidad\/#primaryimage\"},\"thumbnailUrl\":\"https:\/\/www.alutec.es\/wp-content\/uploads\/2019\/12\/Denys-von-arend-oficinas-axa-assistance-15.jpg\",\"datePublished\":\"2019-12-16T11:47:17+00:00\",\"dateModified\":\"2022-09-13T09:39:48+00:00\",\"description\":\"S'il est entre nos mains, nous ferons de votre projet une r\u00e9alit\u00e9. Si vous \u00eates architecte d'int\u00e9rieur, d\u00e9corateur et\/ou architecte, nous pouvons r\u00e9aliser vos cr\u00e9ations sur mesure.\",\"breadcrumb\":{\"@id\":\"https:\/\/www.alutec.es\/fr\/projets\/si-esta-en-nuestras-manos-haremos-de-tu-proyecto-una-realidad\/#breadcrumb\"},\"inLanguage\":\"fr-FR\",\"potentialAction\":[{\"@type\":\"ReadAction\",\"target\":[\"https:\/\/www.alutec.es\/fr\/projets\/si-esta-en-nuestras-manos-haremos-de-tu-proyecto-una-realidad\/\"]}]},{\"@type\":\"ImageObject\",\"inLanguage\":\"fr-FR\",\"@id\":\"https:\/\/www.alutec.es\/fr\/projets\/si-esta-en-nuestras-manos-haremos-de-tu-proyecto-una-realidad\/#primaryimage\",\"url\":\"https:\/\/www.alutec.es\/wp-content\/uploads\/2019\/12\/Denys-von-arend-oficinas-axa-assistance-15.jpg\",\"contentUrl\":\"https:\/\/www.alutec.es\/wp-content\/uploads\/2019\/12\/Denys-von-arend-oficinas-axa-assistance-15.jpg\",\"width\":2000,\"height\":1331},{\"@type\":\"BreadcrumbList\",\"@id\":\"https:\/\/www.alutec.es\/fr\/projets\/si-esta-en-nuestras-manos-haremos-de-tu-proyecto-una-realidad\/#breadcrumb\",\"itemListElement\":[{\"@type\":\"ListItem\",\"position\":1,\"name\":\"Page de garde\",\"item\":\"https:\/\/www.alutec.es\/fr\/home\/\"},{\"@type\":\"ListItem\",\"position\":2,\"name\":\"Projets\",\"item\":\"https:\/\/www.alutec.es\/fr\/projets\/\"},{\"@type\":\"ListItem\",\"position\":3,\"name\":\"AXA Assistance\"}]},{\"@type\":\"WebSite\",\"@id\":\"https:\/\/www.alutec.es\/fr\/#website\",\"url\":\"https:\/\/www.alutec.es\/fr\/\",\"name\":\"Alutec\",\"description\":\"Conception et fabrication de chaises, tabourets et tables.\",\"potentialAction\":[{\"@type\":\"SearchAction\",\"target\":{\"@type\":\"EntryPoint\",\"urlTemplate\":\"https:\/\/www.alutec.es\/fr\/?s={search_term_string}\"},\"query-input\":\"required name=search_term_string\"}],\"inLanguage\":\"fr-FR\"}]}<\/script>\n<!-- \/ Yoast SEO plugin. -->","yoast_head_json":{"title":"S'il est entre nos mains, nous ferons de votre projet une r\u00e9alit\u00e9.","description":"S'il est entre nos mains, nous ferons de votre projet une r\u00e9alit\u00e9. Si vous \u00eates architecte d'int\u00e9rieur, d\u00e9corateur et\/ou architecte, nous pouvons r\u00e9aliser vos cr\u00e9ations sur mesure.","robots":{"index":"index","follow":"follow","max-snippet":"max-snippet:-1","max-image-preview":"max-image-preview:large","max-video-preview":"max-video-preview:-1"},"canonical":"https:\/\/www.alutec.es\/fr\/projets\/si-esta-en-nuestras-manos-haremos-de-tu-proyecto-una-realidad\/","og_locale":"fr_FR","og_type":"article","og_title":"S'il est entre nos mains, nous ferons de votre projet une r\u00e9alit\u00e9.","og_description":"S'il est entre nos mains, nous ferons de votre projet une r\u00e9alit\u00e9. Si vous \u00eates architecte d'int\u00e9rieur, d\u00e9corateur et\/ou architecte, nous pouvons r\u00e9aliser vos cr\u00e9ations sur mesure.","og_url":"https:\/\/www.alutec.es\/fr\/projets\/si-esta-en-nuestras-manos-haremos-de-tu-proyecto-una-realidad\/","og_site_name":"Alutec","article_modified_time":"2022-09-13T09:39:48+00:00","og_image":[{"width":2000,"height":1331,"url":"https:\/\/www.alutec.es\/wp-content\/uploads\/2019\/12\/Denys-von-arend-oficinas-axa-assistance-15.jpg","type":"image\/jpeg"}],"twitter_card":"summary_large_image","twitter_misc":{"Dur\u00e9e de lecture estim\u00e9e":"2 minutes"},"schema":{"@context":"https:\/\/schema.org","@graph":[{"@type":"WebPage","@id":"https:\/\/www.alutec.es\/fr\/projets\/si-esta-en-nuestras-manos-haremos-de-tu-proyecto-una-realidad\/","url":"https:\/\/www.alutec.es\/fr\/projets\/si-esta-en-nuestras-manos-haremos-de-tu-proyecto-una-realidad\/","name":"S'il est entre nos mains, nous ferons de votre projet une r\u00e9alit\u00e9.","isPartOf":{"@id":"https:\/\/www.alutec.es\/fr\/#website"},"primaryImageOfPage":{"@id":"https:\/\/www.alutec.es\/fr\/projets\/si-esta-en-nuestras-manos-haremos-de-tu-proyecto-una-realidad\/#primaryimage"},"image":{"@id":"https:\/\/www.alutec.es\/fr\/projets\/si-esta-en-nuestras-manos-haremos-de-tu-proyecto-una-realidad\/#primaryimage"},"thumbnailUrl":"https:\/\/www.alutec.es\/wp-content\/uploads\/2019\/12\/Denys-von-arend-oficinas-axa-assistance-15.jpg","datePublished":"2019-12-16T11:47:17+00:00","dateModified":"2022-09-13T09:39:48+00:00","description":"S'il est entre nos mains, nous ferons de votre projet une r\u00e9alit\u00e9. Si vous \u00eates architecte d'int\u00e9rieur, d\u00e9corateur et\/ou architecte, nous pouvons r\u00e9aliser vos cr\u00e9ations sur mesure.","breadcrumb":{"@id":"https:\/\/www.alutec.es\/fr\/projets\/si-esta-en-nuestras-manos-haremos-de-tu-proyecto-una-realidad\/#breadcrumb"},"inLanguage":"fr-FR","potentialAction":[{"@type":"ReadAction","target":["https:\/\/www.alutec.es\/fr\/projets\/si-esta-en-nuestras-manos-haremos-de-tu-proyecto-una-realidad\/"]}]},{"@type":"ImageObject","inLanguage":"fr-FR","@id":"https:\/\/www.alutec.es\/fr\/projets\/si-esta-en-nuestras-manos-haremos-de-tu-proyecto-una-realidad\/#primaryimage","url":"https:\/\/www.alutec.es\/wp-content\/uploads\/2019\/12\/Denys-von-arend-oficinas-axa-assistance-15.jpg","contentUrl":"https:\/\/www.alutec.es\/wp-content\/uploads\/2019\/12\/Denys-von-arend-oficinas-axa-assistance-15.jpg","width":2000,"height":1331},{"@type":"BreadcrumbList","@id":"https:\/\/www.alutec.es\/fr\/projets\/si-esta-en-nuestras-manos-haremos-de-tu-proyecto-una-realidad\/#breadcrumb","itemListElement":[{"@type":"ListItem","position":1,"name":"Page de garde","item":"https:\/\/www.alutec.es\/fr\/home\/"},{"@type":"ListItem","position":2,"name":"Projets","item":"https:\/\/www.alutec.es\/fr\/projets\/"},{"@type":"ListItem","position":3,"name":"AXA Assistance"}]},{"@type":"WebSite","@id":"https:\/\/www.alutec.es\/fr\/#website","url":"https:\/\/www.alutec.es\/fr\/","name":"Alutec","description":"Conception et fabrication de chaises, tabourets et tables.","potentialAction":[{"@type":"SearchAction","target":{"@type":"EntryPoint","urlTemplate":"https:\/\/www.alutec.es\/fr\/?s={search_term_string}"},"query-input":"required name=search_term_string"}],"inLanguage":"fr-FR"}]}},"_links":{"self":[{"href":"https:\/\/www.alutec.es\/fr\/wp-json\/wp\/v2\/portfolio\/4522"}],"collection":[{"href":"https:\/\/www.alutec.es\/fr\/wp-json\/wp\/v2\/portfolio"}],"about":[{"href":"https:\/\/www.alutec.es\/fr\/wp-json\/wp\/v2\/types\/portfolio"}],"author":[{"embeddable":true,"href":"https:\/\/www.alutec.es\/fr\/wp-json\/wp\/v2\/users\/1"}],"replies":[{"embeddable":true,"href":"https:\/\/www.alutec.es\/fr\/wp-json\/wp\/v2\/comments?post=4522"}],"version-history":[{"count":15,"href":"https:\/\/www.alutec.es\/fr\/wp-json\/wp\/v2\/portfolio\/4522\/revisions"}],"predecessor-version":[{"id":6545,"href":"https:\/\/www.alutec.es\/fr\/wp-json\/wp\/v2\/portfolio\/4522\/revisions\/6545"}],"wp:featuredmedia":[{"embeddable":true,"href":"https:\/\/www.alutec.es\/fr\/wp-json\/wp\/v2\/media\/4519"}],"wp:attachment":[{"href":"https:\/\/www.alutec.es\/fr\/wp-json\/wp\/v2\/media?parent=4522"}],"wp:term":[{"taxonomy":"portfolio_category","embeddable":true,"href":"https:\/\/www.alutec.es\/fr\/wp-json\/wp\/v2\/portfolio_category?post=4522"},{"taxonomy":"portfolio_tag","embeddable":true,"href":"https:\/\/www.alutec.es\/fr\/wp-json\/wp\/v2\/portfolio_tag?post=4522"}],"curies":[{"name":"wp","href":"https:\/\/api.w.org\/{rel}","templated":true}]}}