{"id":4508,"date":"2019-12-16T12:47:12","date_gmt":"2019-12-16T11:47:12","guid":{"rendered":"https:\/\/www.alutec.es\/proyectos\/proyecto-ejemplo-2\/"},"modified":"2022-09-13T15:21:54","modified_gmt":"2022-09-13T13:21:54","slug":"proyecto-de-interiorismo","status":"publish","type":"portfolio","link":"https:\/\/www.alutec.es\/fr\/projets\/proyecto-de-interiorismo\/","title":{"rendered":"Un salon de coiffure"},"content":{"rendered":"<p>[vc_row css=\u00a0\u00bb.vc_custom_1581524797404{margin-bottom: 60px !important;}\u00a0\u00bb][vc_column][vc_column_text css_animation=\u00a0\u00bbnone\u00a0\u00bb]Projet d&rsquo;am\u00e9nagement int\u00e9rieur pour l&rsquo;h\u00f4tellerie et la restauration r\u00e9alis\u00e9 par <a href=\"http:\/\/www.metrocuadradodesign.com\/portfolio\/a-barberia-2\/\"><br \/>\n  <strong>Conception et contrat de Metrocuadrado<\/strong><br \/>\n<\/a> pour le caf\u00e9-bar <strong>A Barberia,<\/strong> situ\u00e9 en Galice.<\/p>\n<p>Il r\u00e9unit trois de nos collections dans un m\u00eame espace : la chaise <a href=\"https:\/\/www.alutec.es\/producto\/drina\/\">Drina<\/a>, la chaise <a href=\"https:\/\/www.alutec.es\/producto\/bender\/\">Bender<\/a> et le tabouret <a href=\"https:\/\/www.alutec.es\/producto\/vico\/\">Vico<\/a>.<\/p>\n<p>Les deux mod\u00e8les de chaises ont \u00e9t\u00e9 con\u00e7us dans un style industriel, il a donc \u00e9t\u00e9 d\u00e9cid\u00e9 que la t\u00f4le d&rsquo;acier pli\u00e9e et soud\u00e9e serait pr\u00e9dominante.<\/p>\n<p>Notre gamme de couleurs standard est large, ce qui vous permet de lui donner de la personnalit\u00e9 et de l&rsquo;adapter \u00e0 tous les styles.<\/p>\n<p>Les couleurs choisies pour ce projet sont :<\/p>\n<p>Couleur mocca, RAL 1019 pour la chaise <a href=\"https:\/\/www.alutec.es\/producto\/bender\/\">Bender<\/a>.<\/p>\n<p>RAL 6019, vert, pour la chaise <a href=\"https:\/\/www.alutec.es\/producto\/drina\/\">Drina<\/a>.<\/p>\n<p>Pour le tabouret <a href=\"https:\/\/www.alutec.es\/producto\/vico\/\">Vico,<\/a>couleur blanche, RAL 9010<\/p>\n<p>Dans les trois cas, on choisit la peinture avec une finition vintage.<\/p>\n<p>Il s&rsquo;agit d&rsquo;une finition artisanale qui consiste \u00e0 appliquer une couche de bitume de Jud\u00e9e avant le vernissage final.<\/p>\n<p>De cette fa\u00e7on, nous obtenons des pi\u00e8ces uniques, transf\u00e9rant ainsi au produit un effet d\u00e9sir\u00e9 d&rsquo;usag\u00e9 et de vieilli.<\/p>\n<p>Nous concevons et fabriquons tous nos produits au niveau national, avec des mat\u00e9riaux de qualit\u00e9 fournis par des fournisseurs nationaux.<\/p>\n<p>Nous vous accompagnons dans tout projet d&rsquo;am\u00e9nagement int\u00e9rieur pour l&rsquo;h\u00f4tellerie et la restauration.<\/p>\n<p>&nbsp;<\/p>\n<p>&nbsp;<\/p>\n<p style=\"text-align: center;\">Conception : <a href=\"http:\/\/www.metrocuadradodesign.com\/\">Metrocuadrado design&amp;contract<\/a><br \/>\nLieu : Galice, Espagne<\/p>\n<p style=\"text-align: center;\">Ann\u00e9e : 2005<br \/>\nCollection : <a href=\"https:\/\/www.alutec.es\/producto\/bender\/\">Bender<\/a>, <a href=\"https:\/\/www.alutec.es\/producto\/vico\/\">Vico<\/a>, <a href=\"https:\/\/www.alutec.es\/producto\/drina\/\">Drina<\/a><\/p>\n<p>[\/vc_column_text][vc_row_inner][vc_column_inner][vc_single_image image=\u00a0\u00bb471&Prime; img_size=\u00a0\u00bbfull\u00a0\u00bb alignment=\u00a0\u00bbcenter\u00a0\u00bb][\/vc_column_inner][\/vc_row_inner][vc_row_inner container_type=\u00a0\u00bbfluid\u00a0\u00bb gap=\u00a0\u00bb35&Prime; css=\u00a0\u00bb.vc_custom_1581584836541{margin-right: 0px !important;margin-left: 0px !important;}\u00a0\u00bb][vc_column_inner width=\u00a0\u00bb1\/2&Prime;][vc_single_image image=\u00a0\u00bb474&Prime; img_size=\u00a0\u00bbfull\u00a0\u00bb alignment=\u00a0\u00bbcenter\u00a0\u00bb][\/vc_column_inner][vc_column_inner width=\u00a0\u00bb1\/2&Prime;][vc_single_image image=\u00a0\u00bb477&Prime; img_size=\u00a0\u00bbfull\u00a0\u00bb alignment=\u00a0\u00bbcenter\u00a0\u00bb][\/vc_column_inner][\/vc_row_inner][vc_row_inner][vc_column_inner][vc_single_image image=\u00a0\u00bb480&Prime; img_size=\u00a0\u00bbfull\u00a0\u00bb alignment=\u00a0\u00bbcenter\u00a0\u00bb][\/vc_column_inner][\/vc_row_inner][vc_row_inner][vc_column_inner][vc_single_image image=\u00a0\u00bb483&Prime; img_size=\u00a0\u00bbfull\u00a0\u00bb alignment=\u00a0\u00bbcenter\u00a0\u00bb][\/vc_column_inner][\/vc_row_inner][\/vc_column][\/vc_row][vc_row][vc_column][vc_column_text]<\/p>\n<h2 style=\"text-align: center;\">Produits de ce projet<\/h2>\n<p>[\/vc_column_text][lab_products_carousel columns=\u00a0\u00bb3&Prime; products_query=\u00a0\u00bbsize:3|order_by:date|post_type:product\u00a0\u00bb][\/vc_column][\/vc_row]<\/p>\n","protected":false},"excerpt":{"rendered":"<p>[vc_row css=\u00a0\u00bb.vc_custom_1581524797404{margin-bottom: 60px !important;}\u00a0\u00bb][vc_column][vc_column_text css_animation=\u00a0\u00bbnone\u00a0\u00bb]Projet d&rsquo;am\u00e9nagement int\u00e9rieur pour l&rsquo;h\u00f4tellerie et la restauration r\u00e9alis\u00e9 par Conception et contrat de Metrocuadrado pour le caf\u00e9-bar A Barberia, situ\u00e9 en Galice. Il r\u00e9unit trois de nos collections dans un m\u00eame espace : la chaise Drina, la chaise Bender et le tabouret Vico. Les deux mod\u00e8les de chaises ont \u00e9t\u00e9&hellip;<\/p>\n","protected":false},"author":1,"featured_media":4509,"comment_status":"open","ping_status":"closed","template":"","meta":{"footnotes":""},"portfolio_category":[],"portfolio_tag":[],"acf":[],"yoast_head":"<!-- This site is optimized with the Yoast SEO plugin v22.7 - https:\/\/yoast.com\/wordpress\/plugins\/seo\/ -->\n<title>Projet de design d&#039;int\u00e9rieur pour l&#039;h\u00f4tellerie et la restauration avec des tables et des chaises design<\/title>\n<meta name=\"description\" content=\"Projet de design d&#039;int\u00e9rieur pour l&#039;industrie h\u00f4teli\u00e8re avec des chaises et des tables design d&#039;Alutec, fabriqu\u00e9es en Espagne. Produits personnalisables.\" \/>\n<meta name=\"robots\" content=\"index, follow, max-snippet:-1, max-image-preview:large, max-video-preview:-1\" \/>\n<link rel=\"canonical\" href=\"https:\/\/www.alutec.es\/fr\/projets\/proyecto-de-interiorismo\/\" \/>\n<meta property=\"og:locale\" content=\"fr_FR\" \/>\n<meta property=\"og:type\" content=\"article\" \/>\n<meta property=\"og:title\" content=\"Projet de design d&#039;int\u00e9rieur pour l&#039;h\u00f4tellerie et la restauration avec des tables et des chaises design\" \/>\n<meta property=\"og:description\" content=\"Projet de design d&#039;int\u00e9rieur pour l&#039;industrie h\u00f4teli\u00e8re avec des chaises et des tables design d&#039;Alutec, fabriqu\u00e9es en Espagne. Produits personnalisables.\" \/>\n<meta property=\"og:url\" content=\"https:\/\/www.alutec.es\/fr\/projets\/proyecto-de-interiorismo\/\" \/>\n<meta property=\"og:site_name\" content=\"Alutec\" \/>\n<meta property=\"article:modified_time\" content=\"2022-09-13T13:21:54+00:00\" \/>\n<meta property=\"og:image\" content=\"https:\/\/www.alutec.es\/wp-content\/uploads\/2019\/12\/a_barberia-metrocuadrado.jpg\" \/>\n\t<meta property=\"og:image:width\" content=\"491\" \/>\n\t<meta property=\"og:image:height\" content=\"491\" \/>\n\t<meta property=\"og:image:type\" content=\"image\/jpeg\" \/>\n<meta name=\"twitter:card\" content=\"summary_large_image\" \/>\n<meta name=\"twitter:label1\" content=\"Dur\u00e9e de lecture estim\u00e9e\" \/>\n\t<meta name=\"twitter:data1\" content=\"2 minutes\" \/>\n<script type=\"application\/ld+json\" class=\"yoast-schema-graph\">{\"@context\":\"https:\/\/schema.org\",\"@graph\":[{\"@type\":\"WebPage\",\"@id\":\"https:\/\/www.alutec.es\/fr\/projets\/proyecto-de-interiorismo\/\",\"url\":\"https:\/\/www.alutec.es\/fr\/projets\/proyecto-de-interiorismo\/\",\"name\":\"Projet de design d'int\u00e9rieur pour l'h\u00f4tellerie et la restauration avec des tables et des chaises design\",\"isPartOf\":{\"@id\":\"https:\/\/www.alutec.es\/fr\/#website\"},\"primaryImageOfPage\":{\"@id\":\"https:\/\/www.alutec.es\/fr\/projets\/proyecto-de-interiorismo\/#primaryimage\"},\"image\":{\"@id\":\"https:\/\/www.alutec.es\/fr\/projets\/proyecto-de-interiorismo\/#primaryimage\"},\"thumbnailUrl\":\"https:\/\/www.alutec.es\/wp-content\/uploads\/2019\/12\/a_barberia-metrocuadrado.jpg\",\"datePublished\":\"2019-12-16T11:47:12+00:00\",\"dateModified\":\"2022-09-13T13:21:54+00:00\",\"description\":\"Projet de design d'int\u00e9rieur pour l'industrie h\u00f4teli\u00e8re avec des chaises et des tables design d'Alutec, fabriqu\u00e9es en Espagne. Produits personnalisables.\",\"breadcrumb\":{\"@id\":\"https:\/\/www.alutec.es\/fr\/projets\/proyecto-de-interiorismo\/#breadcrumb\"},\"inLanguage\":\"fr-FR\",\"potentialAction\":[{\"@type\":\"ReadAction\",\"target\":[\"https:\/\/www.alutec.es\/fr\/projets\/proyecto-de-interiorismo\/\"]}]},{\"@type\":\"ImageObject\",\"inLanguage\":\"fr-FR\",\"@id\":\"https:\/\/www.alutec.es\/fr\/projets\/proyecto-de-interiorismo\/#primaryimage\",\"url\":\"https:\/\/www.alutec.es\/wp-content\/uploads\/2019\/12\/a_barberia-metrocuadrado.jpg\",\"contentUrl\":\"https:\/\/www.alutec.es\/wp-content\/uploads\/2019\/12\/a_barberia-metrocuadrado.jpg\",\"width\":491,\"height\":491},{\"@type\":\"BreadcrumbList\",\"@id\":\"https:\/\/www.alutec.es\/fr\/projets\/proyecto-de-interiorismo\/#breadcrumb\",\"itemListElement\":[{\"@type\":\"ListItem\",\"position\":1,\"name\":\"Page de garde\",\"item\":\"https:\/\/www.alutec.es\/fr\/home\/\"},{\"@type\":\"ListItem\",\"position\":2,\"name\":\"Projets\",\"item\":\"https:\/\/www.alutec.es\/fr\/projets\/\"},{\"@type\":\"ListItem\",\"position\":3,\"name\":\"Un salon de coiffure\"}]},{\"@type\":\"WebSite\",\"@id\":\"https:\/\/www.alutec.es\/fr\/#website\",\"url\":\"https:\/\/www.alutec.es\/fr\/\",\"name\":\"Alutec\",\"description\":\"Conception et fabrication de chaises, tabourets et tables.\",\"potentialAction\":[{\"@type\":\"SearchAction\",\"target\":{\"@type\":\"EntryPoint\",\"urlTemplate\":\"https:\/\/www.alutec.es\/fr\/?s={search_term_string}\"},\"query-input\":\"required name=search_term_string\"}],\"inLanguage\":\"fr-FR\"}]}<\/script>\n<!-- \/ Yoast SEO plugin. -->","yoast_head_json":{"title":"Projet de design d'int\u00e9rieur pour l'h\u00f4tellerie et la restauration avec des tables et des chaises design","description":"Projet de design d'int\u00e9rieur pour l'industrie h\u00f4teli\u00e8re avec des chaises et des tables design d'Alutec, fabriqu\u00e9es en Espagne. Produits personnalisables.","robots":{"index":"index","follow":"follow","max-snippet":"max-snippet:-1","max-image-preview":"max-image-preview:large","max-video-preview":"max-video-preview:-1"},"canonical":"https:\/\/www.alutec.es\/fr\/projets\/proyecto-de-interiorismo\/","og_locale":"fr_FR","og_type":"article","og_title":"Projet de design d'int\u00e9rieur pour l'h\u00f4tellerie et la restauration avec des tables et des chaises design","og_description":"Projet de design d'int\u00e9rieur pour l'industrie h\u00f4teli\u00e8re avec des chaises et des tables design d'Alutec, fabriqu\u00e9es en Espagne. Produits personnalisables.","og_url":"https:\/\/www.alutec.es\/fr\/projets\/proyecto-de-interiorismo\/","og_site_name":"Alutec","article_modified_time":"2022-09-13T13:21:54+00:00","og_image":[{"width":491,"height":491,"url":"https:\/\/www.alutec.es\/wp-content\/uploads\/2019\/12\/a_barberia-metrocuadrado.jpg","type":"image\/jpeg"}],"twitter_card":"summary_large_image","twitter_misc":{"Dur\u00e9e de lecture estim\u00e9e":"2 minutes"},"schema":{"@context":"https:\/\/schema.org","@graph":[{"@type":"WebPage","@id":"https:\/\/www.alutec.es\/fr\/projets\/proyecto-de-interiorismo\/","url":"https:\/\/www.alutec.es\/fr\/projets\/proyecto-de-interiorismo\/","name":"Projet de design d'int\u00e9rieur pour l'h\u00f4tellerie et la restauration avec des tables et des chaises design","isPartOf":{"@id":"https:\/\/www.alutec.es\/fr\/#website"},"primaryImageOfPage":{"@id":"https:\/\/www.alutec.es\/fr\/projets\/proyecto-de-interiorismo\/#primaryimage"},"image":{"@id":"https:\/\/www.alutec.es\/fr\/projets\/proyecto-de-interiorismo\/#primaryimage"},"thumbnailUrl":"https:\/\/www.alutec.es\/wp-content\/uploads\/2019\/12\/a_barberia-metrocuadrado.jpg","datePublished":"2019-12-16T11:47:12+00:00","dateModified":"2022-09-13T13:21:54+00:00","description":"Projet de design d'int\u00e9rieur pour l'industrie h\u00f4teli\u00e8re avec des chaises et des tables design d'Alutec, fabriqu\u00e9es en Espagne. Produits personnalisables.","breadcrumb":{"@id":"https:\/\/www.alutec.es\/fr\/projets\/proyecto-de-interiorismo\/#breadcrumb"},"inLanguage":"fr-FR","potentialAction":[{"@type":"ReadAction","target":["https:\/\/www.alutec.es\/fr\/projets\/proyecto-de-interiorismo\/"]}]},{"@type":"ImageObject","inLanguage":"fr-FR","@id":"https:\/\/www.alutec.es\/fr\/projets\/proyecto-de-interiorismo\/#primaryimage","url":"https:\/\/www.alutec.es\/wp-content\/uploads\/2019\/12\/a_barberia-metrocuadrado.jpg","contentUrl":"https:\/\/www.alutec.es\/wp-content\/uploads\/2019\/12\/a_barberia-metrocuadrado.jpg","width":491,"height":491},{"@type":"BreadcrumbList","@id":"https:\/\/www.alutec.es\/fr\/projets\/proyecto-de-interiorismo\/#breadcrumb","itemListElement":[{"@type":"ListItem","position":1,"name":"Page de garde","item":"https:\/\/www.alutec.es\/fr\/home\/"},{"@type":"ListItem","position":2,"name":"Projets","item":"https:\/\/www.alutec.es\/fr\/projets\/"},{"@type":"ListItem","position":3,"name":"Un salon de coiffure"}]},{"@type":"WebSite","@id":"https:\/\/www.alutec.es\/fr\/#website","url":"https:\/\/www.alutec.es\/fr\/","name":"Alutec","description":"Conception et fabrication de chaises, tabourets et tables.","potentialAction":[{"@type":"SearchAction","target":{"@type":"EntryPoint","urlTemplate":"https:\/\/www.alutec.es\/fr\/?s={search_term_string}"},"query-input":"required name=search_term_string"}],"inLanguage":"fr-FR"}]}},"_links":{"self":[{"href":"https:\/\/www.alutec.es\/fr\/wp-json\/wp\/v2\/portfolio\/4508"}],"collection":[{"href":"https:\/\/www.alutec.es\/fr\/wp-json\/wp\/v2\/portfolio"}],"about":[{"href":"https:\/\/www.alutec.es\/fr\/wp-json\/wp\/v2\/types\/portfolio"}],"author":[{"embeddable":true,"href":"https:\/\/www.alutec.es\/fr\/wp-json\/wp\/v2\/users\/1"}],"replies":[{"embeddable":true,"href":"https:\/\/www.alutec.es\/fr\/wp-json\/wp\/v2\/comments?post=4508"}],"version-history":[{"count":20,"href":"https:\/\/www.alutec.es\/fr\/wp-json\/wp\/v2\/portfolio\/4508\/revisions"}],"predecessor-version":[{"id":6608,"href":"https:\/\/www.alutec.es\/fr\/wp-json\/wp\/v2\/portfolio\/4508\/revisions\/6608"}],"wp:featuredmedia":[{"embeddable":true,"href":"https:\/\/www.alutec.es\/fr\/wp-json\/wp\/v2\/media\/4509"}],"wp:attachment":[{"href":"https:\/\/www.alutec.es\/fr\/wp-json\/wp\/v2\/media?parent=4508"}],"wp:term":[{"taxonomy":"portfolio_category","embeddable":true,"href":"https:\/\/www.alutec.es\/fr\/wp-json\/wp\/v2\/portfolio_category?post=4508"},{"taxonomy":"portfolio_tag","embeddable":true,"href":"https:\/\/www.alutec.es\/fr\/wp-json\/wp\/v2\/portfolio_tag?post=4508"}],"curies":[{"name":"wp","href":"https:\/\/api.w.org\/{rel}","templated":true}]}}